{"id":7348,"date":"2022-08-09T15:01:47","date_gmt":"2022-08-09T18:01:47","guid":{"rendered":"https:\/\/ieg.com.br\/blog\/?post_type=revista&#038;p=7348"},"modified":"2022-08-11T11:54:23","modified_gmt":"2022-08-11T14:54:23","slug":"shared-services-news-edicao-70","status":"publish","type":"revista","link":"https:\/\/ieg.com.br\/blog\/revista\/shared-services-news-edicao-70\/","title":{"rendered":"Shared Services News | Edi\u00e7\u00e3o 70"},"content":{"rendered":"\n<p>A 70\u00aa edi\u00e7\u00e3o da Shared Services News aborda o tema \u201cNovos Tempos na Gest\u00e3o de Pessoas\u201d.<\/p>\n\n\n\n<p>O bem estar e a felicidade dos colaboradores vem ganhando ainda mais import\u00e2ncia atualmente na cultura das organiza\u00e7\u00f5es. Novas estrat\u00e9gias v\u00eam sendo adotadas na \u00e1rea de gest\u00e3o de pessoas, sendo muitas delas grandes aliadas da tecnologia.<\/p>\n\n\n\n<p>Na Edi\u00e7\u00e3o 70 da Shared Services News, voc\u00ea poder\u00e1 conferir, atrav\u00e9s de artigos, mat\u00e9rias e entrevistas, como a gest\u00e3o de pessoas tem sido encarada em diferentes empresas e CSCs brasileiros.  <\/p>\n\n\n\n<p>Nessa edi\u00e7\u00e3o marcante, reunimos muita informa\u00e7\u00e3o relevante tratando de temas acerca do contexto de \u201cNovos Tempos na Gest\u00e3o de Pessoas\u201d, com conte\u00fados significativos, compartilhamento de experi\u00eancias e pr\u00e1ticas do mundo corporativo, bem como vis\u00f5es e perspectivas sobre a tem\u00e1tica da revista.<\/p>\n\n\n\n<p>Leia a SSNews Edi\u00e7\u00e3o 70 e confira tamb\u00e9m artigos e not\u00edcias sobre os principais assuntos do mercado de Servi\u00e7os Compartilhados!<\/p>\n","protected":false},"author":1,"featured_media":7354,"template":"","categories":[138],"class_list":["post-7348","revista","type-revista","status-publish","has-post-thumbnail","hentry","category-revista"],"acf":[],"yoast_head":"<!-- This site is optimized with the Yoast SEO plugin v27.4 - https:\/\/yoast.com\/product\/yoast-seo-wordpress\/ -->\n<title>IEG Connection | Shared Services News | Edi\u00e7\u00e3o 70<\/title>\n<meta name=\"description\" content=\"Leia a Shared Services News, revista produzida pelo IEG, que traz na edi\u00e7\u00e3o 70, conte\u00fados ligados ao tema: Novos Tempos na Gest\u00e3o de Pessoas.\" \/>\n<meta name=\"robots\" content=\"index, follow, max-snippet:-1, max-image-preview:large, max-video-preview:-1\" \/>\n<link rel=\"canonical\" href=\"https:\/\/ieg.com.br\/blog\/revista\/shared-services-news-edicao-70\/\" \/>\n<meta property=\"og:locale\" content=\"pt_BR\" \/>\n<meta property=\"og:type\" content=\"article\" \/>\n<meta property=\"og:title\" content=\"IEG Connection | Shared Services News | Edi\u00e7\u00e3o 70\" \/>\n<meta property=\"og:description\" content=\"Leia a Shared Services News, revista produzida pelo IEG, que traz na edi\u00e7\u00e3o 70, conte\u00fados ligados ao tema: Novos Tempos na Gest\u00e3o de Pessoas.\" \/>\n<meta property=\"og:url\" content=\"https:\/\/ieg.com.br\/blog\/revista\/shared-services-news-edicao-70\/\" \/>\n<meta property=\"og:site_name\" content=\"IEG Connection\" \/>\n<meta property=\"article:publisher\" content=\"https:\/\/www.facebook.com\/IEG.Brasil\" \/>\n<meta property=\"article:modified_time\" content=\"2022-08-11T14:54:23+00:00\" \/>\n<meta property=\"og:image\" content=\"https:\/\/ieg.com.br\/blog\/wp-content\/uploads\/2022\/08\/Capa-revista-edicao-70-1.png\" \/>\n\t<meta property=\"og:image:width\" content=\"770\" \/>\n\t<meta property=\"og:image:height\" content=\"470\" \/>\n\t<meta property=\"og:image:type\" content=\"image\/png\" \/>\n<meta name=\"twitter:card\" content=\"summary_large_image\" \/>\n<meta name=\"twitter:label1\" content=\"Est. tempo de leitura\" \/>\n\t<meta name=\"twitter:data1\" content=\"1 minuto\" \/>\n<script type=\"application\/ld+json\" class=\"yoast-schema-graph\">{\"@context\":\"https:\\\/\\\/schema.org\",\"@graph\":[{\"@type\":\"WebPage\",\"@id\":\"https:\\\/\\\/ieg.com.br\\\/blog\\\/revista\\\/shared-services-news-edicao-70\\\/\",\"url\":\"https:\\\/\\\/ieg.com.br\\\/blog\\\/revista\\\/shared-services-news-edicao-70\\\/\",\"name\":\"IEG Connection | Shared Services News | Edi\u00e7\u00e3o 70\",\"isPartOf\":{\"@id\":\"https:\\\/\\\/ieg.com.br\\\/blog\\\/#website\"},\"primaryImageOfPage\":{\"@id\":\"https:\\\/\\\/ieg.com.br\\\/blog\\\/revista\\\/shared-services-news-edicao-70\\\/#primaryimage\"},\"image\":{\"@id\":\"https:\\\/\\\/ieg.com.br\\\/blog\\\/revista\\\/shared-services-news-edicao-70\\\/#primaryimage\"},\"thumbnailUrl\":\"https:\\\/\\\/ieg.com.br\\\/blog\\\/wp-content\\\/uploads\\\/2022\\\/08\\\/Capa-revista-edicao-70-1.png\",\"datePublished\":\"2022-08-09T18:01:47+00:00\",\"dateModified\":\"2022-08-11T14:54:23+00:00\",\"description\":\"Leia a Shared Services News, revista produzida pelo IEG, que traz na edi\u00e7\u00e3o 70, conte\u00fados ligados ao tema: Novos Tempos na Gest\u00e3o de Pessoas.\",\"breadcrumb\":{\"@id\":\"https:\\\/\\\/ieg.com.br\\\/blog\\\/revista\\\/shared-services-news-edicao-70\\\/#breadcrumb\"},\"inLanguage\":\"pt-BR\",\"potentialAction\":[{\"@type\":\"ReadAction\",\"target\":[\"https:\\\/\\\/ieg.com.br\\\/blog\\\/revista\\\/shared-services-news-edicao-70\\\/\"]}]},{\"@type\":\"ImageObject\",\"inLanguage\":\"pt-BR\",\"@id\":\"https:\\\/\\\/ieg.com.br\\\/blog\\\/revista\\\/shared-services-news-edicao-70\\\/#primaryimage\",\"url\":\"https:\\\/\\\/ieg.com.br\\\/blog\\\/wp-content\\\/uploads\\\/2022\\\/08\\\/Capa-revista-edicao-70-1.png\",\"contentUrl\":\"https:\\\/\\\/ieg.com.br\\\/blog\\\/wp-content\\\/uploads\\\/2022\\\/08\\\/Capa-revista-edicao-70-1.png\",\"width\":770,\"height\":470},{\"@type\":\"BreadcrumbList\",\"@id\":\"https:\\\/\\\/ieg.com.br\\\/blog\\\/revista\\\/shared-services-news-edicao-70\\\/#breadcrumb\",\"itemListElement\":[{\"@type\":\"ListItem\",\"position\":1,\"name\":\"In\u00edcio\",\"item\":\"https:\\\/\\\/ieg.com.br\\\/blog\\\/\"},{\"@type\":\"ListItem\",\"position\":2,\"name\":\"Shared Services News | Edi\u00e7\u00e3o 70\"}]},{\"@type\":\"WebSite\",\"@id\":\"https:\\\/\\\/ieg.com.br\\\/blog\\\/#website\",\"url\":\"https:\\\/\\\/ieg.com.br\\\/blog\\\/\",\"name\":\"IEG Connection\",\"description\":\"O IEG \u00e9 uma empresa que elabora solu\u00e7\u00f5es de ensino, pesquisa e consultoria em gest\u00e3o de forma integrada e complementar para voc\u00ea e para a sua organiza\u00e7\u00e3o.\",\"publisher\":{\"@id\":\"https:\\\/\\\/ieg.com.br\\\/blog\\\/#organization\"},\"potentialAction\":[{\"@type\":\"SearchAction\",\"target\":{\"@type\":\"EntryPoint\",\"urlTemplate\":\"https:\\\/\\\/ieg.com.br\\\/blog\\\/?s={search_term_string}\"},\"query-input\":{\"@type\":\"PropertyValueSpecification\",\"valueRequired\":true,\"valueName\":\"search_term_string\"}}],\"inLanguage\":\"pt-BR\"},{\"@type\":\"Organization\",\"@id\":\"https:\\\/\\\/ieg.com.br\\\/blog\\\/#organization\",\"name\":\"IEG\",\"url\":\"https:\\\/\\\/ieg.com.br\\\/blog\\\/\",\"logo\":{\"@type\":\"ImageObject\",\"inLanguage\":\"pt-BR\",\"@id\":\"https:\\\/\\\/ieg.com.br\\\/blog\\\/#\\\/schema\\\/logo\\\/image\\\/\",\"url\":\"https:\\\/\\\/ieg.com.br\\\/blog\\\/wp-content\\\/uploads\\\/2021\\\/02\\\/ieg-blog-logo.png\",\"contentUrl\":\"https:\\\/\\\/ieg.com.br\\\/blog\\\/wp-content\\\/uploads\\\/2021\\\/02\\\/ieg-blog-logo.png\",\"width\":310,\"height\":126,\"caption\":\"IEG\"},\"image\":{\"@id\":\"https:\\\/\\\/ieg.com.br\\\/blog\\\/#\\\/schema\\\/logo\\\/image\\\/\"},\"sameAs\":[\"https:\\\/\\\/www.facebook.com\\\/IEG.Brasil\",\"https:\\\/\\\/www.instagram.com\\\/ieg.brasil\\\/\",\"https:\\\/\\\/www.linkedin.com\\\/company\\\/ieg-instituto-de-engenharia-de-gestao\\\/\",\"https:\\\/\\\/www.youtube.com\\\/channel\\\/UCFEkxPdX86l8xWwV73kxJyA\"]}]}<\/script>\n<!-- \/ Yoast SEO plugin. -->","yoast_head_json":{"title":"IEG Connection | Shared Services News | Edi\u00e7\u00e3o 70","description":"Leia a Shared Services News, revista produzida pelo IEG, que traz na edi\u00e7\u00e3o 70, conte\u00fados ligados ao tema: Novos Tempos na Gest\u00e3o de Pessoas.","robots":{"index":"index","follow":"follow","max-snippet":"max-snippet:-1","max-image-preview":"max-image-preview:large","max-video-preview":"max-video-preview:-1"},"canonical":"https:\/\/ieg.com.br\/blog\/revista\/shared-services-news-edicao-70\/","og_locale":"pt_BR","og_type":"article","og_title":"IEG Connection | Shared Services News | Edi\u00e7\u00e3o 70","og_description":"Leia a Shared Services News, revista produzida pelo IEG, que traz na edi\u00e7\u00e3o 70, conte\u00fados ligados ao tema: Novos Tempos na Gest\u00e3o de Pessoas.","og_url":"https:\/\/ieg.com.br\/blog\/revista\/shared-services-news-edicao-70\/","og_site_name":"IEG Connection","article_publisher":"https:\/\/www.facebook.com\/IEG.Brasil","article_modified_time":"2022-08-11T14:54:23+00:00","og_image":[{"width":770,"height":470,"url":"https:\/\/ieg.com.br\/blog\/wp-content\/uploads\/2022\/08\/Capa-revista-edicao-70-1.png","type":"image\/png"}],"twitter_card":"summary_large_image","twitter_misc":{"Est. tempo de leitura":"1 minuto"},"schema":{"@context":"https:\/\/schema.org","@graph":[{"@type":"WebPage","@id":"https:\/\/ieg.com.br\/blog\/revista\/shared-services-news-edicao-70\/","url":"https:\/\/ieg.com.br\/blog\/revista\/shared-services-news-edicao-70\/","name":"IEG Connection | Shared Services News | Edi\u00e7\u00e3o 70","isPartOf":{"@id":"https:\/\/ieg.com.br\/blog\/#website"},"primaryImageOfPage":{"@id":"https:\/\/ieg.com.br\/blog\/revista\/shared-services-news-edicao-70\/#primaryimage"},"image":{"@id":"https:\/\/ieg.com.br\/blog\/revista\/shared-services-news-edicao-70\/#primaryimage"},"thumbnailUrl":"https:\/\/ieg.com.br\/blog\/wp-content\/uploads\/2022\/08\/Capa-revista-edicao-70-1.png","datePublished":"2022-08-09T18:01:47+00:00","dateModified":"2022-08-11T14:54:23+00:00","description":"Leia a Shared Services News, revista produzida pelo IEG, que traz na edi\u00e7\u00e3o 70, conte\u00fados ligados ao tema: Novos Tempos na Gest\u00e3o de Pessoas.","breadcrumb":{"@id":"https:\/\/ieg.com.br\/blog\/revista\/shared-services-news-edicao-70\/#breadcrumb"},"inLanguage":"pt-BR","potentialAction":[{"@type":"ReadAction","target":["https:\/\/ieg.com.br\/blog\/revista\/shared-services-news-edicao-70\/"]}]},{"@type":"ImageObject","inLanguage":"pt-BR","@id":"https:\/\/ieg.com.br\/blog\/revista\/shared-services-news-edicao-70\/#primaryimage","url":"https:\/\/ieg.com.br\/blog\/wp-content\/uploads\/2022\/08\/Capa-revista-edicao-70-1.png","contentUrl":"https:\/\/ieg.com.br\/blog\/wp-content\/uploads\/2022\/08\/Capa-revista-edicao-70-1.png","width":770,"height":470},{"@type":"BreadcrumbList","@id":"https:\/\/ieg.com.br\/blog\/revista\/shared-services-news-edicao-70\/#breadcrumb","itemListElement":[{"@type":"ListItem","position":1,"name":"In\u00edcio","item":"https:\/\/ieg.com.br\/blog\/"},{"@type":"ListItem","position":2,"name":"Shared Services News | Edi\u00e7\u00e3o 70"}]},{"@type":"WebSite","@id":"https:\/\/ieg.com.br\/blog\/#website","url":"https:\/\/ieg.com.br\/blog\/","name":"IEG Connection","description":"O IEG \u00e9 uma empresa que elabora solu\u00e7\u00f5es de ensino, pesquisa e consultoria em gest\u00e3o de forma integrada e complementar para voc\u00ea e para a sua organiza\u00e7\u00e3o.","publisher":{"@id":"https:\/\/ieg.com.br\/blog\/#organization"},"potentialAction":[{"@type":"SearchAction","target":{"@type":"EntryPoint","urlTemplate":"https:\/\/ieg.com.br\/blog\/?s={search_term_string}"},"query-input":{"@type":"PropertyValueSpecification","valueRequired":true,"valueName":"search_term_string"}}],"inLanguage":"pt-BR"},{"@type":"Organization","@id":"https:\/\/ieg.com.br\/blog\/#organization","name":"IEG","url":"https:\/\/ieg.com.br\/blog\/","logo":{"@type":"ImageObject","inLanguage":"pt-BR","@id":"https:\/\/ieg.com.br\/blog\/#\/schema\/logo\/image\/","url":"https:\/\/ieg.com.br\/blog\/wp-content\/uploads\/2021\/02\/ieg-blog-logo.png","contentUrl":"https:\/\/ieg.com.br\/blog\/wp-content\/uploads\/2021\/02\/ieg-blog-logo.png","width":310,"height":126,"caption":"IEG"},"image":{"@id":"https:\/\/ieg.com.br\/blog\/#\/schema\/logo\/image\/"},"sameAs":["https:\/\/www.facebook.com\/IEG.Brasil","https:\/\/www.instagram.com\/ieg.brasil\/","https:\/\/www.linkedin.com\/company\/ieg-instituto-de-engenharia-de-gestao\/","https:\/\/www.youtube.com\/channel\/UCFEkxPdX86l8xWwV73kxJyA"]}]}},"_links":{"self":[{"href":"https:\/\/ieg.com.br\/blog\/wp-json\/wp\/v2\/revista\/7348","targetHints":{"allow":["GET"]}}],"collection":[{"href":"https:\/\/ieg.com.br\/blog\/wp-json\/wp\/v2\/revista"}],"about":[{"href":"https:\/\/ieg.com.br\/blog\/wp-json\/wp\/v2\/types\/revista"}],"author":[{"embeddable":true,"href":"https:\/\/ieg.com.br\/blog\/wp-json\/wp\/v2\/users\/1"}],"wp:featuredmedia":[{"embeddable":true,"href":"https:\/\/ieg.com.br\/blog\/wp-json\/wp\/v2\/media\/7354"}],"wp:attachment":[{"href":"https:\/\/ieg.com.br\/blog\/wp-json\/wp\/v2\/media?parent=7348"}],"wp:term":[{"taxonomy":"category","embeddable":true,"href":"https:\/\/ieg.com.br\/blog\/wp-json\/wp\/v2\/categories?post=7348"}],"curies":[{"name":"wp","href":"https:\/\/api.w.org\/{rel}","templated":true}]}}